{"id":659,"date":"2018-05-17T21:57:45","date_gmt":"2018-05-18T00:57:45","guid":{"rendered":"http:\/\/psicologiaecorpo.com.br\/2018\/?page_id=659"},"modified":"2018-06-25T11:31:34","modified_gmt":"2018-06-25T14:31:34","slug":"corpo-comportamento-e-movimento","status":"publish","type":"page","link":"https:\/\/psicologiaecorpo.com.br\/en\/corpo-comportamento-e-movimento\/","title":{"rendered":"Library"},"content":{"rendered":"<h2>Corpo, Comportamento e Movimento<\/h2>\n<p>&nbsp;<\/p>\n\t<div class=\"wpawc-accordion-1 wpawc_accordion corpo-comportamento-e-movimento wp-medium- wpcolumns\" data-accordion-group>\t\n\t\t\t\t  \n      <div data-accordion class=\"accordion-main\">\n        <div data-control class=\"accordion-title\"><h4>O Corpo nas Rela\u00e7\u00f5es Raciais: subjetividade na interrela\u00e7\u00e3o entre negros e brancos<\/h4><\/div>\n        <div data-content>\n         \t\t\t\t  \n          \n        <div class=\"accordion-content\"><p><strong>Artigo escrito por Maria Cristina Francisco<br \/>\n<\/strong><\/p>\n<p>REVISTA LATINO-AMERICANA DE PSICOLOGIA CORPORAL<\/p>\n<p>No. 8, p. 179-202, Outubro\/2019 \u2013 ISSN 2357-9692<br \/>\nEdi\u00e7\u00e3o eletr\u00f4nica em http:\/\/psicorporal.emnuvens.com.br\/rbpc<\/p>\n<p><a class=\"ico-baixar\" title=\"Baixar artigo completo\" href=\"http:\/\/psicologiaecorpo.com.br\/en\/biblioteca\/pdf\/o-corpo-nas-relacoes-raciais-Revista-Latino.pdf\/\" target=\"_blank\" rel=\"noopener noreferrer\">Baixar artigo completo<\/a><\/p>\n<\/div>\n      \n        <\/div>\n      <\/div>\n\t  \n\t\t\t\t\t  \n      <div data-accordion class=\"accordion-main\">\n        <div data-control class=\"accordion-title\"><h4>O som que habita em mim<\/h4><\/div>\n        <div data-content>\n         \t\t\t\t  \n          \n        <div class=\"accordion-content\"><p><strong>An\u00e1lise de uma viv\u00eancia com sil\u00eancio e som<\/strong><\/p>\n<p>Monografia apresentada ao <a href=\"https:\/\/www.biossintese.com.br\/\" title=\"IBB\" target=\"_blank\" rel=\"noopener noreferrer\">Instituto Brasileiro de Bioss\u00edntese<\/a> como exig\u00eancia parcial \u00e0 diploma\u00e7\u00e3o de psicoterapeuta som\u00e1tica em Bioss\u00edntese.<\/p>\n<p><a class=\"ico-baixar\" href=\"http:\/\/psicologiaecorpo.com.br\/en\/biblioteca\/pdf\/o-som-que-habita-em-mim.pdf\/\" title=\"Baixar a monografia\" target=\"_blank\" rel=\"noopener noreferrer\">Baixar a monografia<\/a><\/p>\n<\/div>\n      \n        <\/div>\n      <\/div>\n\t  \n\t\t\t\t\t  \n      <div data-accordion class=\"accordion-main\">\n        <div data-control class=\"accordion-title\"><h4>Natureza Humana<\/h4><\/div>\n        <div data-content>\n         \t\t\t\t  \n          \n        <div class=\"accordion-content\"><figure>\n<img src=\"http:\/\/psicologiaecorpo.com.br\/img\/livros\/natureza-humana.jpg\" alt=\"Natureza Humana\"><br \/>\n<\/figure>\n<p>__________________. Natureza Humana. Rio de Janeiro. Imago, 1990.<\/p>\n<p>Sinopse:As id\u00e9ias de Donald Winnicott encontram-se dispersas por um grande n\u00famero de artigos t\u00e9cnicos e obras curtas destinadas ao grande p\u00fablico. Este livro \u00e9 uma exposi\u00e7\u00e3o geral de seus pontos de vista. \u00c9 um empreendimento ambicioso. Como ele pr\u00f3prio afirma na Introdu\u00e7\u00e3o, sua tarefa \u00e9 o estudo da natureza humana.<\/p>\n<\/div>\n      \n        <\/div>\n      <\/div>\n\t  \n\t\t\t\t\t  \n      <div data-accordion class=\"accordion-main\">\n        <div data-control class=\"accordion-title\"><h4>A Fam\u00edlia e o Desenvolvimento Individual<\/h4><\/div>\n        <div data-content>\n         \t\t\t\t  \n          \n        <div class=\"accordion-content\"><figure>\n<img src=\"http:\/\/psicologiaecorpo.com.br\/img\/livros\/a-familia-e-o-desenvolvimento-individual.jpg\" alt=\"A Fam\u00edlia e o Desenvolvimento Individual\"><br \/>\n<\/figure>\n<p>_________________. A Fam\u00edlia e o Desenvolvimento Individual. S\u00e3o Paulo, Martins Fontes, 1993.<\/p>\n<p>Sinopse:Os escritos reunidos neste livro desenvolvem-se em torno de um tema central; a id\u00e9ia de que a sa\u00fade da fam\u00edlia e da sociedade derivam da sa\u00fade emocional do indiv\u00edduo. D. W. Winnicott descreve o processo de amadurecimento do indiv\u00edduo no contexto da fam\u00edlia e discute os fatores de integra\u00e7\u00e3o e desintegra\u00e7\u00e3o que influenciam o desenvolvimento.<\/p>\n<\/div>\n      \n        <\/div>\n      <\/div>\n\t  \n\t\t\t\t\t  \n      <div data-accordion class=\"accordion-main\">\n        <div data-control class=\"accordion-title\"><h4>Tudo Come\u00e7a em Casa<\/h4><\/div>\n        <div data-content>\n         \t\t\t\t  \n          \n        <div class=\"accordion-content\"><figure>\n<img src=\"http:\/\/psicologiaecorpo.com.br\/img\/livros\/tudo-comeca-em-casa.jpg\" alt=\"Tudo Come\u00e7a em Casa\"><br \/>\n<\/figure>\n<p>_________________. Tudo Come\u00e7a em Casa. S\u00e3o Paulo, Martins Fontes, 1999.<\/p>\n<p>Sinopse:Este \u00e9 um livro no qual as ideias e os temas demonstram a convic\u00e7\u00e3o de que a estrutura da sociedade reflete a natureza do indiv\u00edduo e da fam\u00edlia, e tamb\u00e9m demonstram o senso de responsabilidade de seu autor pela sociedade espec\u00edfica na qual ele viveu.<\/p>\n<\/div>\n      \n        <\/div>\n      <\/div>\n\t  \n\t\t\t\t\t  \n      <div data-accordion class=\"accordion-main\">\n        <div data-control class=\"accordion-title\"><h4>Da Pediatria \u00e0 Psican\u00e1lise<\/h4><\/div>\n        <div data-content>\n         \t\t\t\t  \n          \n        <div class=\"accordion-content\"><figure>\n<img src=\"http:\/\/psicologiaecorpo.com.br\/img\/livros\/da-pediatria-a-psicanalise.jpg\" alt=\"SOLISTAS DISSONANTES\"><br \/>\n<\/figure>\n<p>WINNICOTT, D.W. Da Pediatria \u00e0 Psican\u00e1lise \u2013 obras escolhidas. Rio de Janeiro, Imago, 2000.<\/p>\n<p>Sinopse: Nesta obra, o Dr. Winnicott se apresenta de um modo extremamente impopular e revolucion\u00e1rio em rela\u00e7\u00e3o aos problemas emocionais causadores de artrite em crian\u00e7as<\/p>\n<\/div>\n      \n        <\/div>\n      <\/div>\n\t  \n\t\t\t\t\t  \n      <div data-accordion class=\"accordion-main\">\n        <div data-control class=\"accordion-title\"><h4>O que \u00e9 Psicologia Pr\u00e9-Natal<\/h4><\/div>\n        <div data-content>\n         \t\t\t\t  \n          \n        <div class=\"accordion-content\"><figure>\n<img src=\"http:\/\/psicologiaecorpo.com.br\/img\/livros\/psicologia-pre-natal.jpg\" alt=\"O que \u00e9 Psicologia Pr\u00e9-Natal\"><br \/>\n<\/figure>\n<p>WILHEIM, Joana. O que \u00e9 Psicologia Pr\u00e9-Natal. S\u00e3o Paulo, Casa do Psic\u00f3logo, 1997.<\/p>\n<p>Sinopse:Voc\u00ea sabia que o beb\u00ea antes de nascer \u00e9 um ser inteligente e sens\u00edvel, apresentando tra\u00e7os de personalidade pr\u00f3prios e definidos? Voc\u00ea sabia que ele tem uma vida afetiva e emocional? Voc\u00ea sabia que traumas biol\u00f3gicos do in\u00edcio da exist\u00eancia pr\u00e9-natal podem resultar em futuras psicopatologias? A psicologia pr\u00e9-natal \u00e9 um vasto campo e merece enfoque neste livro.<\/p>\n<\/div>\n      \n        <\/div>\n      <\/div>\n\t  \n\t\t\t\t\t  \n      <div data-accordion class=\"accordion-main\">\n        <div data-control class=\"accordion-title\"><h4>Grounding e Autonomia<\/h4><\/div>\n        <div data-content>\n         \t\t\t\t  \n          \n        <div class=\"accordion-content\"><figure>\n<img src=\"http:\/\/psicologiaecorpo.com.br\/img\/livros\/grounding-e-autonomia.jpg\" alt=\"Grounding e Autonomia\"><br \/>\n<\/figure>\n<p>WEIGAND, Odila. Grounding e Autonomia \u2013 A Terapia Corporal Bioenerg\u00e9tica Revisitada. S\u00e3o Paulo, Person, 2006.<\/p>\n<p>Sinopse:Neste livro a autora nos proporciona uma vis\u00e3o hist\u00f3rica e ampliada do conceito de grounding, um dos pilares da An\u00e1lise Bioenerg\u00e9tica. Ela n\u00e3o s\u00f3 descreve o grounding como uma postura integradora ou um exerc\u00edcio criado pelo pai da An\u00e1lise Bioenerg\u00e9tica, Alexander Lowen, como tamb\u00e9m utiliza pesquisas de outras escolas e teorias.<\/p>\n<\/div>\n      \n        <\/div>\n      <\/div>\n\t  \n\t\t\t\t\t  \n      <div data-accordion class=\"accordion-main\">\n        <div data-control class=\"accordion-title\"><h4>Futebol e Orgasmo<\/h4><\/div>\n        <div data-content>\n         \t\t\t\t  \n          \n        <div class=\"accordion-content\"><figure>\n<img src=\"http:\/\/psicologiaecorpo.com.br\/img\/livros\/futebol-e-orgasmo.jpg\" alt=\"Futebol e Orgasmo\"><br \/>\n<\/figure>\n<p>_______________________. Futebol e Orgasmo \u2013 Ensaio sobre orgonomia e futebol. Summus,1998.<\/p>\n<p>Sinopse:Em estilo alegre e descontra\u00eddo, na linguagem do nosso dia-a-dia, este livro nos traz um hist\u00f3rico dos jogos como atividade de prazer, culminando no futebol e sua simbologia espec\u00edfica. O leitor ir\u00e1 se deliciar com a curva org\u00e1stica de alguns jogos importantes, e ter bons momentos com as compara\u00e7\u00f5es e analogias deste que \u00e9, efetivamente, um ensaio pioneiro vinculando orgonomia e cultura.<\/p>\n<\/div>\n      \n        <\/div>\n      <\/div>\n\t  \n\t\t\t\t\t  \n      <div data-accordion class=\"accordion-main\">\n        <div data-control class=\"accordion-title\"><h4>Freud e Reich<\/h4><\/div>\n        <div data-content>\n         \t\t\t\t  \n          \n        <div class=\"accordion-content\"><figure>\n<img src=\"http:\/\/psicologiaecorpo.com.br\/img\/livros\/freud-e-reich.jpg\" alt=\"Freud e Reich\"><br \/>\n<\/figure>\n<p>WAGNER, Claudio Mello. Freud e Reich \u2013 Continuidade ou Ruptura? S\u00e3o Paulo, Summus, 1996.<\/p>\n<p>Sinopse:O objetivo deste livro \u00e9 verificar se as diferen\u00e7as entre Freud e Reich, efetivamente, implicam uma ruptura entre ambas as escolas ou se podem ser superadas. O fio condutor do pensamento do autor \u00e9 a an\u00e1lise dessas diferen\u00e7as, revelando que em muitas circunst\u00e2ncias os motivos respons\u00e1veis pela ruptura foram muito menos de car\u00e1ter te\u00f3rico, mas resultado de atitudes pol\u00edticas ou pessoais.<\/p>\n<\/div>\n      \n        <\/div>\n      <\/div>\n\t  \n\t\t\t\t\t  \n      <div data-accordion class=\"accordion-main\">\n        <div data-control class=\"accordion-title\"><h4>Brinkando com o Corpo<\/h4><\/div>\n        <div data-content>\n         \t\t\t\t  \n          \n        <div class=\"accordion-content\"><figure>\n<img src=\"http:\/\/psicologiaecorpo.com.br\/img\/livros\/brinkando-com-o-corpo.jpg\" alt=\"Brinkando com o Corpo\"><br \/>\n<\/figure>\n<p>ROCHA, Brasilda dos Santos. Brinkando com o Corpo \u2013 t\u00e9cnicas de terapia corporal com crian\u00e7as e adolescentes. Presidente Prudente-SP, UNOESTE, 1998.<\/p>\n<p>Sinopse:Este livro focaliza a tens\u00e3o corporal da crian\u00e7a por meio do uso do brinquedo. Identificando o tipo de energia de cada brinquedo, parte do pressuposto que este representa as rela\u00e7\u00f5es objetais da crian\u00e7a em que se originam os conflitos. O livro \u00e9 uma busca para compreender a crian\u00e7a em sua verdadeira dimens\u00e3o, que est\u00e1 necessitando de ajuda para aliviar o seu sofrimento. O livro traz os seguintes temas &#8211; Reich e o trabalho terap\u00eautico com crian\u00e7as e adolescentes; Processo corporal; Interven\u00e7\u00e3o terap\u00eautica corporal na fam\u00edlia com crian\u00e7as e adolescentes; Workshop de brinquedos; Forma\u00e7\u00e3o de car\u00e1ter; Brinquedos associados ao car\u00e1ter &#8211; Aquaplay, amarelinha, fantoche, boneca, boliche, dardo, ludo, etc; Brincando com a an\u00e1lise dos dados; Compara\u00e7\u00e3o gr\u00e1fica dos brinquedos; Relatos de brincadeiras; O brinquedo constru\u00eddo.<\/p>\n<\/div>\n      \n        <\/div>\n      <\/div>\n\t  \n\t\t\t\t\t  \n      <div data-accordion class=\"accordion-main\">\n        <div data-control class=\"accordion-title\"><h4>O \u00c9ter, Deus e o Diabo<\/h4><\/div>\n        <div data-content>\n         \t\t\t\t  \n          \n        <div class=\"accordion-content\"><figure>\n<img src=\"http:\/\/psicologiaecorpo.com.br\/img\/livros\/eter-Deus-e-o-diabo.jpg\" alt=\"O \u00c9ter, Deus e o Diabo\"><br \/>\n<\/figure>\n<p>_______________. O \u00c9ter, Deus e o Diabo. S\u00e3o Paulo, Martins Fontes, 2003.<\/p>\n<p><strong>Sinopse:<\/strong>Neste livro, pela primeira vez apresenta-se ao p\u00fablico brasileiro uma parte da obra de Reich relativa \u00e0 Orgonomia, denomina\u00e7\u00e3o utilizada por ele para designar o campo de estudos ao qual dedicou as \u00faltimas d\u00e9cadas de sua vida. S\u00e3o conclus\u00f5es derivadas de pesquisas realizadas sobre a exist\u00eancia de uma forma de energia (denominada orgone), que influenciaria desde o funcionamento dos seres vivos at\u00e9 o movimento dos planetas e o clima. Esta \u00e9 a parte mais pol\u00eamica da obra de Reich. S\u00e3o concep\u00e7\u00f5es que t\u00eam conquistado admiradores e defensores entusiasmados, por um lado, e cr\u00edticos ferrenhos de outro. Com este livro, o leitor poder\u00e1 formar sua pr\u00f3pria opini\u00e3o a partir do contato direto com o pensamento do autor.<\/p>\n<\/div>\n      \n        <\/div>\n      <\/div>\n\t  \n\t\t\t\t\t  \n      <div data-accordion class=\"accordion-main\">\n        <div data-control class=\"accordion-title\"><h4>Escute, Z\u00e9 Ningu\u00e9m<\/h4><\/div>\n        <div data-content>\n         \t\t\t\t  \n          \n        <div class=\"accordion-content\"><figure>\n<img src=\"http:\/\/psicologiaecorpo.com.br\/img\/livros\/escute-ze-ninguem.jpg\" alt=\"Escute, Z\u00e9 Ningu\u00e9m\"><br \/>\n<\/figure>\n<p>_______________. Escute, Z\u00e9 Ningu\u00e9m. S\u00e3o Paulo, Martins Fontes, 2007.<\/p>\n<p>Sinopse:Nesta obra, Reich mostra o que o homem comum faz a si mesmo &#8211; como sofre, como se revolta, como homenageia seus inimigos e mata seus amigos, como sempre que conquista o poder em \u201cnome do povo\u201d ele o utiliza mal e transforma em algo mais cruel do que a tirania \u00e0 qual estava subjugado anteriormente, nas m\u00e3os da elite.<\/p>\n<\/div>\n      \n        <\/div>\n      <\/div>\n\t  \n\t\t\t\t\t  \n      <div data-accordion class=\"accordion-main\">\n        <div data-control class=\"accordion-title\"><h4>A Biopatia do C\u00e2ncer<\/h4><\/div>\n        <div data-content>\n         \t\t\t\t  \n          \n        <div class=\"accordion-content\"><figure>\n<img src=\"http:\/\/psicologiaecorpo.com.br\/img\/livros\/a-biopatia-do-cancer.jpg\" alt=\"A Biopatia do C\u00e2ncer\"><br \/>\n<\/figure>\n<p>_______________. A Biopatia do C\u00e2ncer. S\u00e3o Paulo, Editora WMF Martins Fontes, 2009.<\/p>\n<p>Sinopse:O que \u00e9 o c\u00e2ncer? Tradicionalmente, a ci\u00eancia m\u00e9dica o classificou como um tumor intrusivo que surgia espontaneamente em um organismo, de resto, saud\u00e1vel. Em contraste com essa defini\u00e7\u00e3o, Wilhelm Reich define o c\u00e2ncer n\u00e3o como um tumor &#8211; simples manifesta\u00e7\u00e3o tardia da doen\u00e7a, mas como uma doen\u00e7a sist\u00eamica causada pela frustra\u00e7\u00e3o do funcionamento sexual natural.<\/p>\n<\/div>\n      \n        <\/div>\n      <\/div>\n\t  \n\t\t\t\t\t  \n      <div data-accordion class=\"accordion-main\">\n        <div data-control class=\"accordion-title\"><h4>A Revolu\u00e7\u00e3o Sexual<\/h4><\/div>\n        <div data-content>\n         \t\t\t\t  \n          \n        <div class=\"accordion-content\"><figure>\n<img src=\"http:\/\/psicologiaecorpo.com.br\/img\/livros\/a-revolucao-sexual.jpg\" alt=\"A Revolu\u00e7\u00e3o Sexual\"><br \/>\n<\/figure>\n<p>_______________. A Revolu\u00e7\u00e3o Sexual, S\u00e3o Paulo, Zahar, 1997.<\/p>\n<p>Sinopse:Analisa a crise da moral social burguesa e as tentativas de reforma sexual que preservavam a estrutura da sociedade capitalista e ideologia da fam\u00edlia e do casamento. Reconstr\u00f3i a hist\u00f3ria da revolu\u00e7\u00e3o sexual que ocorreu no establishment da Uni\u00e3o Sovi\u00e9tica desde 1922, e que teve resist\u00eancia de Stalin no final dos anos vinte.<\/p>\n<\/div>\n      \n        <\/div>\n      <\/div>\n\t  \n\t\t\t\t\t  \n      <div data-accordion class=\"accordion-main\">\n        <div data-control class=\"accordion-title\"><h4>Irrup\u00e7\u00e3o da Moral Sexual Repressiva<\/h4><\/div>\n        <div data-content>\n         \t\t\t\t  \n          \n        <div class=\"accordion-content\"><figure>\n<img src=\"http:\/\/psicologiaecorpo.com.br\/img\/livros\/irrupcao-da-moral-sexual-repressiva.jpg\" alt=\"Irrup\u00e7\u00e3o da Moral Sexual Repressiva\"><br \/>\n<\/figure>\n<p>_______________. Irrup\u00e7\u00e3o da Moral Sexual Repressiva. S\u00e3o Paulo, Martins Fontes, 1997.<\/p>\n<p>Sinopse: A tese reichiana neste trabalho \u00e9 que a repress\u00e3o sexual teve sua origem na passagem do matriarcado primitivo \u2013 protocomunista e sexualmente livre \u2013 para o patriarcado, caracterizado pela acumula\u00e7\u00e3o pessoal dos bens e pela repress\u00e3o sexual. Reich sup\u00f5e que o dote (a contribui\u00e7\u00e3o dotal ou em \u00faltima an\u00e1lise, o interesse econ\u00f4mico) tenha sido o mecanismo central desta passagem.<\/p>\n<\/div>\n      \n        <\/div>\n      <\/div>\n\t  \n\t\t\t\t\t  \n      <div data-accordion class=\"accordion-main\">\n        <div data-control class=\"accordion-title\"><h4>A An\u00e1lise do Car\u00e1ter<\/h4><\/div>\n        <div data-content>\n         \t\t\t\t  \n          \n        <div class=\"accordion-content\"><figure>\n<img src=\"http:\/\/psicologiaecorpo.com.br\/img\/livros\/analise-do-carater.jpg\" alt=\"A An\u00e1lise do Car\u00e1ter\"><br \/>\n<\/figure>\n<p>_______________. A An\u00e1lise do Car\u00e1ter. S\u00e3o Paulo, Martins Fontes, 2001.<\/p>\n<p>Sinopse:\u201cAn\u00e1lise do Car\u00e1ter\u201d foi escrito para o analista e desenvolve com exatid\u00e3o &#8211; com numerosos exemplos cl\u00ednicos &#8211; a singular t\u00e9cnica terap\u00eautica de Reich.<\/p>\n<\/div>\n      \n        <\/div>\n      <\/div>\n\t  \n\t\t\t\t\t  \n      <div data-accordion class=\"accordion-main\">\n        <div data-control class=\"accordion-title\"><h4>A Fun\u00e7\u00e3o do Orgasmo<\/h4><\/div>\n        <div data-content>\n         \t\t\t\t  \n          \n        <div class=\"accordion-content\"><figure>\n<img src=\"http:\/\/psicologiaecorpo.com.br\/img\/livros\/a-funcao-do-orgasmo.jpg\" alt=\"A Fun\u00e7\u00e3o do Orgasmo\"><br \/>\n<\/figure>\n<p>REICH, Wilhelm. A Fun\u00e7\u00e3o do Orgasmo. S\u00e3o Paulo, Brasiliense, 1995.<\/p>\n<p>Sinopse:Este livro sintetiza o trabalho m\u00e9dico e cient\u00edfico de Wilhelm Reich com o organismo humano em um per\u00edodo de vinte anos, e apresenta o desenvolvimento desse trabalho em sua r\u00e1pida progress\u00e3o da esfera da psicologia para a da biologia. A descoberta do org\u00f4nio foi o resultado de uma profunda investiga\u00e7\u00e3o cl\u00ednica do conceito de &#8216;energia ps\u00edquica&#8217;, a princ\u00edpio na esfera da psiquiatria. A experi\u00eancia tem mostrado, acima de qualquer d\u00favida, que o conhecimento das fun\u00e7\u00f5es emocionais da energia biol\u00f3gica \u00e9 indispens\u00e1vel para a compreens\u00e3o das fun\u00e7\u00f5es fisiol\u00f3gicas e f\u00edsicas. As emo\u00e7\u00f5es biol\u00f3gicas que governam os processos ps\u00edquicos s\u00e3o em si pr\u00f3prias, a express\u00e3o imediata de uma energia estritamente f\u00edsica, o org\u00f4nio c\u00f3smico.<\/p>\n<\/div>\n      \n        <\/div>\n      <\/div>\n\t  \n\t\t\t\t\t  \n      <div data-accordion class=\"accordion-main\">\n        <div data-control class=\"accordion-title\"><h4>Para que o Amor d\u00ea Certo<\/h4><\/div>\n        <div data-content>\n         \t\t\t\t  \n          \n        <div class=\"accordion-content\"><figure>\n<img src=\"http:\/\/psicologiaecorpo.com.br\/img\/livros\/para-que-o-amor-de-certo.jpg\" alt=\"Para que o Amor d\u00ea Certo\"><br \/>\n<\/figure>\n<p>NEUHAUSER, Johannes (org). Para que o Amor d\u00ea Certo \u2013 o trabalho terap\u00eautico de Bert Hellinger com casais. S\u00e3o Paulo, Cultrix. 2006.<\/p>\n<p>Sinopse:\u201cPara que o amor d\u00ea certo\u201d apresenta relatos de constela\u00e7\u00f5es com in\u00fameros casais, acrescidos de perguntas, coment\u00e1rios e discuss\u00f5es para colocar em evid\u00eancia esse processo multidimensional. Tipicamente, uma constela\u00e7\u00e3o passa por dois est\u00e1gios. No primeiro, influ\u00eancias ocultas &#8211; embora atuantes &#8211; da fam\u00edlia s\u00e3o reveladas. Na segunda fase, coment\u00e1rios e esfor\u00e7os para encontrar solu\u00e7\u00f5es s\u00e3o descobertos &#8211; ou recuperados &#8211; e ent\u00e3o testados na constela\u00e7\u00e3o. O \u201cajuste ps\u00edquico\u201d que ent\u00e3o \u00e9 feito, grande ou pequeno, aumenta o vocabul\u00e1rio do casal no sentido de criar solu\u00e7\u00f5es.<\/p>\n<\/div>\n      \n        <\/div>\n      <\/div>\n\t  \n\t\t\t\t\t  \n      <div data-accordion class=\"accordion-main\">\n        <div data-control class=\"accordion-title\"><h4>Metodologia da Vegetoterapia<\/h4><\/div>\n        <div data-content>\n         \t\t\t\t  \n          \n        <div class=\"accordion-content\"><figure>\n<img src=\"http:\/\/psicologiaecorpo.com.br\/img\/livros\/vegetoterapia.jpg\" alt=\"Vegetoterapia\"><br \/>\n<\/figure>\n<p>NAVARRO, Federico. Metodologia da Vegetoterapia Caractero-Anal\u00edtica. S\u00e3o Paulo, Summus, 1996.<\/p>\n<p>Sinopse:Federico Navarro oferece aqui uma sistematiza\u00e7\u00e3o metodol\u00f3gica necess\u00e1ria aos terapeutas que atuam nessa \u00e1rea. Sua exposi\u00e7\u00e3o \u00e9 enriquecida por sua forma\u00e7\u00e3o neuropsiqui\u00e1trica e por sua experi\u00eancia cl\u00ednica, sempre mantendo uma perspectiva reichiana ortodoxa. Al\u00e9m da organiza\u00e7\u00e3o te\u00f3rica proposta, o livro apresenta uma s\u00e9rie de sugest\u00f5es para a pr\u00e1tica terap\u00eautica.<\/p>\n<\/div>\n      \n        <\/div>\n      <\/div>\n\t  \n\t\t\t\t\t  \n      <div data-accordion class=\"accordion-main\">\n        <div data-control class=\"accordion-title\"><h4>O TOCAR \u2013 O Significado Humano da Pele.<\/h4><\/div>\n        <div data-content>\n         \t\t\t\t  \n          \n        <div class=\"accordion-content\"><figure>\n<img src=\"http:\/\/psicologiaecorpo.com.br\/img\/livros\/o-significado-humano-da-pele.jpg\" alt=\"O TOCAR\"><br \/>\n<\/figure>\n<p>MONTAGU, Ashley. O TOCAR \u2013 O Significado Humano da Pele. S\u00e3o Paulo, Summus, 1988.<\/p>\n<p>Sinopse:Um livro que trata da import\u00e2ncia do &#8220;tocar&#8221; em todos os aspectos do desenvolvimento humano. O autor dedica especial aten\u00e7\u00e3o \u00e0 pele e ao tocar para a sa\u00fade f\u00edsica e mental, mencionado a descoberta das fun\u00e7\u00f5es imunol\u00f3gicas da pele e acentuando a import\u00e2ncia do tocar, especialmente para os idosos. S\u00e3o relatadas novas pesquisa experimentais sobre os efeitos das priva\u00e7\u00f5es do toque e \u00e9 demonstrada a rela\u00e7\u00e3o entre tocar e criar imagens. Montagu d\u00e1 \u00eanfase especial \u00e0 import\u00e2ncia do tocar em situa\u00e7\u00f5es psicoterap\u00eauticas. Um livro altamente estimulante e provocativo, indispens\u00e1vel aos profissionais da \u00e1rea.<\/p>\n<\/div>\n      \n        <\/div>\n      <\/div>\n\t  \n\t\t\t\t\t  \n      <div data-accordion class=\"accordion-main\">\n        <div data-control class=\"accordion-title\"><h4>Exerc\u00edcios de Bioenerg\u00e9tica<\/h4><\/div>\n        <div data-content>\n         \t\t\t\t  \n          \n        <div class=\"accordion-content\"><figure>\n<img src=\"http:\/\/psicologiaecorpo.com.br\/img\/livros\/exercicio-de-bioenergetica.jpg\" alt=\"Exerc\u00edcios de Bioenerg\u00e9tica\"><br \/>\n<\/figure>\n<p>LOWEN, Alexander e LOWEN, Leslie. Exerc\u00edcios de Bioenerg\u00e9tica. S\u00e3o Paulo, \u00c1gora, 1977.<\/p>\n<p>Sinopse:O trabalho corporal da Bioenerg\u00e9tica inclui tanto procedimentos de manipula\u00e7\u00e3o como exerc\u00edcios especiais. Esses exerc\u00edcios foram desenvolvidos pelos autores ao longo de mais de 20 anos de trabalho terap\u00eautico e ajudam, inclusive, na preven\u00e7\u00e3o de dist\u00farbios emocionais.<\/p>\n<\/div>\n      \n        <\/div>\n      <\/div>\n\t  \n\t\t\t\t\t  \n      <div data-accordion class=\"accordion-main\">\n        <div data-control class=\"accordion-title\"><h4>O Corpo em Depress\u00e3o<\/h4><\/div>\n        <div data-content>\n         \t\t\t\t  \n          \n        <div class=\"accordion-content\"><figure>\n<img src=\"http:\/\/psicologiaecorpo.com.br\/img\/livros\/o-corpo-em-depressao.jpg\" alt=\"O Corpo em Depress\u00e3o\"><br \/>\n<\/figure>\n<p>________________. O Corpo em Depress\u00e3o \u2013 as bases biol\u00f3gicas da f\u00e9 e da realidade. S\u00e3o Paulo, Summus, 1983.<\/p>\n<p>Sinopse:O contato com o nosso corpo nos fundamenta e constitui um elo essencial com n\u00f3s mesmos. A Bioenerg\u00e9tica, desenvolvida por Lowen, no decorrer de longos anos de observa\u00e7\u00f5es, nos ajuda a restabelecer nosso equil\u00edbrio interior, pois suas bases biol\u00f3gicas e seus exerc\u00edcios possibilitam a integra\u00e7\u00e3o do indiv\u00edduo.<\/p>\n<\/div>\n      \n        <\/div>\n      <\/div>\n\t  \n\t\t\t\t\t  \n      <div data-accordion class=\"accordion-main\">\n        <div data-control class=\"accordion-title\"><h4>Amor, Sexo e seu Cora\u00e7\u00e3o<\/h4><\/div>\n        <div data-content>\n         \t\t\t\t  \n          \n        <div class=\"accordion-content\"><figure>\n<img src=\"http:\/\/psicologiaecorpo.com.br\/img\/livros\/amor-sexo-e-seu-coracao.jpg\" alt=\"Amor, Sexo e seu Cora\u00e7\u00e3o\"><br \/>\n<\/figure>\n<p>________________. Amor, Sexo e seu Cora\u00e7\u00e3o. S\u00e3o Paulo, Summus, 1990.<\/p>\n<p>Sinopse: A rela\u00e7\u00e3o entre o amor e o cora\u00e7\u00e3o \u00e9 mais do que simb\u00f3lica, \u00e9 real. Emo\u00e7\u00f5es reprimidas, principalmente conflitos sexuais n\u00e3o resolvidos, bem como m\u00e1goas ps\u00edquicas profundas podem de fato enrijecer o peito de modo a formar uma coura\u00e7a. Assim, a energia emocional aprisionada pode literalmente contrair o cora\u00e7\u00e3o. Lowen esbo\u00e7a sua tese revolucion\u00e1ria atrav\u00e9s de impressionantes casos ver\u00eddicos, aplicando os princ\u00edpios de Reich e analisando os efeitos do trauma emocional sobre o corpo. O livro demonstra como \u00e9 poss\u00edvel proteger o cora\u00e7\u00e3o e, ao mesmo tempo, alcan\u00e7ar uma vida amorosa pac\u00edfica e gratificante.<\/p>\n<\/div>\n      \n        <\/div>\n      <\/div>\n\t  \n\t\t\t\t\t  \n      <div data-accordion class=\"accordion-main\">\n        <div data-control class=\"accordion-title\"><h4>A Espiritualidade do Corpo<\/h4><\/div>\n        <div data-content>\n         \t\t\t\t  \n          \n        <div class=\"accordion-content\"><figure>\n<img src=\"http:\/\/psicologiaecorpo.com.br\/img\/livros\/a-espiritualidade-do-corpo.jpg\" alt=\"A Espiritualidade do Corpo\"><br \/>\n<\/figure>\n<p>_______________. A Espiritualidade do Corpo \u2013 Bioenerg\u00e9tica para a Beleza e a Harmonia. S\u00e3o Paulo, Cultrix, 1990.<\/p>\n<p>Sinopse: Neste livro o autor lan\u00e7a uma nova luz sobre a liga\u00e7\u00e3o entre o corpo e mente e expande essa equa\u00e7\u00e3o humana para incluir o significado espiritual de sa\u00fade. Fundamentando-se na concep\u00e7\u00e3o de Carl Jung de que \u201cO esp\u00edrito \u00e9 a experi\u00eancia interior do corpo\u201d, Lowen desenvolve sua tese extraindo, do Ocidente, a ideia da rela\u00e7\u00e3o humana com um Ser Supremo; do Oriente, a tradi\u00e7\u00e3o m\u00edstica que liga esp\u00edrito e respira\u00e7\u00e3o; e da Bioenerg\u00e9tica, a liga\u00e7\u00e3o entre a paz ps\u00edquica e o fluxo livre da energia corporal e f\u00edsica.<\/p>\n<\/div>\n      \n        <\/div>\n      <\/div>\n\t  \n\t\t\t\t\t  \n      <div data-accordion class=\"accordion-main\">\n        <div data-control class=\"accordion-title\"><h4>O Corpo em Terapia<\/h4><\/div>\n        <div data-content>\n         \t\t\t\t  \n          \n        <div class=\"accordion-content\"><figure>\n<img src=\"http:\/\/psicologiaecorpo.com.br\/img\/livros\/o-corpo-em-terapia.jpg\" alt=\"O Corpo em Terapia\"><br \/>\n<\/figure>\n<p>_______________. O Corpo em Terapia \u2013 a abordagem Bioenerg\u00e9tica. S\u00e3o Paulo, Summus, 1997.<\/p>\n<p>Sinopse: Neste livro, Lowen exp\u00f5e os fundamentos da bioenerg\u00e9tica. Disc\u00edpulo de Reich, retorna e expande as formas pelas quais o desenvolvimento do homem \u00e9 tolhido pela estrutura\u00e7\u00e3o err\u00f4nea de h\u00e1bitos mentais e motores. Pontilhado de exemplos cl\u00ednicos, esclarece e torna concreta a teoria Bioenerg\u00e9tica.<\/p>\n<\/div>\n      \n        <\/div>\n      <\/div>\n\t  \n\t\t\t\t\t  \n      <div data-accordion class=\"accordion-main\">\n        <div data-control class=\"accordion-title\"><h4>Prazer<\/h4><\/div>\n        <div data-content>\n         \t\t\t\t  \n          \n        <div class=\"accordion-content\"><figure>\n<img src=\"http:\/\/psicologiaecorpo.com.br\/img\/livros\/prazer.jpg \" alt=\"Prazer\"><br \/>\n<\/figure>\n<p>_______________. Prazer \u2013 uma abordagem criativa da vida. S\u00e3o Paulo, Summus, 1984.<\/p>\n<p>Sinopse: O prazer \u00e9 uma express\u00e3o corporal, e n\u00e3o simplesmente um processo mental. Nossa capacidade de prazer se mede pela capacidade de auto express\u00e3o criativa. Quando h\u00e1 conflito entre a busca do prazer e a do poder, surgem tens\u00f5es. Com exerc\u00edcios bioenerg\u00e9ticos, o corpo reconquista sua liberdade e espontaneidade, liberando prazer e criatividade.<\/p>\n<\/div>\n      \n        <\/div>\n      <\/div>\n\t  \n\t\t\t\t\t  \n      <div data-accordion class=\"accordion-main\">\n        <div data-control class=\"accordion-title\"><h4>Alegria<\/h4><\/div>\n        <div data-content>\n         \t\t\t\t  \n          \n        <div class=\"accordion-content\"><figure>\n<img src=\"http:\/\/psicologiaecorpo.com.br\/img\/livros\/alegria.jpg\" alt=\"Alegria\"><br \/>\n<\/figure>\n<p>_______________. Alegria \u2013 a entrega ao corpo e \u00e0 vida. S\u00e3o Paulo, Summus, 1997.<\/p>\n<p>Sinopse: Lan\u00e7ado nos Estados Unidos em 1995, este livro \u00e9 o \u00e1pice do trabalho de Lowen. O fundador da bioenerg\u00e9tica revela aqui como \u00e9 poss\u00edvel recuperar um estado natural de alegria em rela\u00e7\u00e3o \u00e0 vida, por meio de exerc\u00edcios capazes de revitalizar o corpo e liberar energia de sentimentos reprimidos. Trata-se de um bel\u00edssimo guia de transforma\u00e7\u00e3o pessoal, escrito por um dos pioneiros da terapia corpo mente.<\/p>\n<\/div>\n      \n        <\/div>\n      <\/div>\n\t  \n\t\t\t\t\t  \n      <div data-accordion class=\"accordion-main\">\n        <div data-control class=\"accordion-title\"><h4>Amor e Orgasmo<\/h4><\/div>\n        <div data-content>\n         \t\t\t\t  \n          \n        <div class=\"accordion-content\"><figure>\n<img src=\"http:\/\/psicologiaecorpo.com.br\/img\/livros\/amor-e-orgasmo.jpg\" alt=\"Amor e Orgasmo\"><br \/>\n<\/figure>\n<p>_______________. Amor e Orgasmo \u2013 guia revolucion\u00e1rio para a plena realiza\u00e7\u00e3o sexual. S\u00e3o Paulo, Summus, 1988.<\/p>\n<p>Sinopse: Neste livro, Lowen explica que o mist\u00e9rio do amor est\u00e1 no ato sexual. Enfatizando a intera\u00e7\u00e3o entre a personalidade e a fun\u00e7\u00e3o sexual, mostra que a satisfa\u00e7\u00e3o no amor sexual pode ser alcan\u00e7ada pelo indiv\u00edduo que est\u00e1 em contato com seu corpo e com seus sentimentos.<\/p>\n<\/div>\n      \n        <\/div>\n      <\/div>\n\t  \n\t\t\t\t\t  \n      <div data-accordion class=\"accordion-main\">\n        <div data-control class=\"accordion-title\"><h4>O Corpo Tra\u00eddo<\/h4><\/div>\n        <div data-content>\n         \t\t\t\t  \n          \n        <div class=\"accordion-content\"><figure>\n<img src=\"http:\/\/psicologiaecorpo.com.br\/img\/livros\/o-corpo-traido.jpg\" alt=\"O Corpo Tra\u00eddo\"><br \/>\n<\/figure>\n<p>________________. O Corpo Tra\u00eddo. S\u00e3o Paulo, Summus,1979.<\/p>\n<p>Sinopse: Nesse livro, Lowen se dedica a estudar pessoas que negam as experi\u00eancias, necessidades e sentimentos reais de seus pr\u00f3prios corpos. Atrav\u00e9s de uma minuciosa an\u00e1lise, que inclui numerosos estudos de casos, o autor aborda o complexo problema da esquizofrenia, da nega\u00e7\u00e3o do nosso pr\u00f3prio corpo, mostrando como chegarmos a uma plena e gratificante uni\u00e3o corpo-mente.<\/p>\n<\/div>\n      \n        <\/div>\n      <\/div>\n\t  \n\t\t\t\t\t  \n      <div data-accordion class=\"accordion-main\">\n        <div data-control class=\"accordion-title\"><h4>Bioenergetics<\/h4><\/div>\n        <div data-content>\n         \t\t\t\t  \n          \n        <div class=\"accordion-content\"><figure><img src=\"http:\/\/psicologiaecorpo.com.br\/img\/livros\/bioenergetic.jpg\" alt=\"Bioenerg\u00e9tica\" \/><\/figure>\n<p>LOWEN, Alexander. Bioenerg\u00e9tica. S\u00e3o Paulo, Summus, 1982.<\/p>\n<p>Sinopse: A Bioenerg\u00e9tica \u00e9 uma terap\u00eautica que ajuda o indiv\u00edduo a reencontrar-se com seu corpo e atirar o mais alto grau de proveito poss\u00edvel da vida que h\u00e1 nele. Inclui as mais elementares fun\u00e7\u00f5es b\u00e1sicas como a respira\u00e7\u00e3o, o movimento, o sentimento e auto express\u00e3o, at\u00e9 chegar a sexualidade.<\/p>\n<pre id=\"tw-target-text\" class=\"tw-data-text tw-ta tw-text-medium\" dir=\"ltr\" data-placeholder=\"Tradu\u00e7\u00e3o\" data-fulltext=\"\"><\/pre>\n<\/div>\n      \n        <\/div>\n      <\/div>\n\t  \n\t\t\t\t\t  \n      <div data-accordion class=\"accordion-main\">\n        <div data-control class=\"accordion-title\"><h4>O Despertar do Tigre<\/h4><\/div>\n        <div data-content>\n         \t\t\t\t  \n          \n        <div class=\"accordion-content\"><figure>\n<img src=\"http:\/\/psicologiaecorpo.com.br\/img\/livros\/o-despertar-do-tigre.jpg\" alt=\"O Despertar do Tigre\"><br \/>\n<\/figure>\n<p>LEVINE, Peter A. O Despertar do Tigre \u2013 Curando o Trauma. S\u00e3o Paulo, Summus, 1999..<\/p>\n<p>Sinopse: Trata-se de um dos mais modernos campos de estudo em psicologia. O ser humano possui um poder instintivo de cura, bem como a capacidade intelectual de cultiv\u00e1-lo. Pela compreens\u00e3o da din\u00e2mica que torna os animais selvagens virtualmente imunes a sintomas traum\u00e1ticos, revela-se o mist\u00e9rio do trauma humano. O livro sistematiza o estudo do trauma, suas manifesta\u00e7\u00f5es e apresenta exerc\u00edcios para a tomada de consci\u00eancia e cura.<\/p>\n<\/div>\n      \n        <\/div>\n      <\/div>\n\t  \n\t\t\t\t\t  \n      <div data-accordion class=\"accordion-main\">\n        <div data-control class=\"accordion-title\"><h4>O Corpo no Limite da Comunica\u00e7\u00e3o<\/h4><\/div>\n        <div data-content>\n         \t\t\t\t  \n          \n        <div class=\"accordion-content\"><figure>\n<img src=\"http:\/\/psicologiaecorpo.com.br\/img\/livros\/o-corpo-no-limite-da-comunicacao.jpg\" alt=\"O Corpo no Limite da Comunica\u00e7\u00e3o\"><br \/>\n<\/figure>\n<p>KIGNEL, Rubens. O Corpo no Limite da Comunica\u00e7\u00e3o. S\u00e3o Paulo, Summus, 2005.<\/p>\n<p>Sinopse: O livro focaliza como as rela\u00e7\u00f5es n\u00e3o-verbais produzem comunica\u00e7\u00e3o entre as pessoas, estabelecendo transforma\u00e7\u00f5es poss\u00edveis por meio do corpo, fen\u00f4meno que o autor denomina de &#8216;resson\u00e2ncia n\u00e3o-verbal&#8217; ou &#8216;resson\u00e2ncia n\u00e3o-consciente&#8217;. Relacionando conceitos da neuropsicologia, da psicoterapia som\u00e1tica e bioss\u00edntese e da teoria da subjetividade com experi\u00eancias cl\u00ednicas, a obra analisa a complexidade dessas rela\u00e7\u00f5es e sua resson\u00e2ncia m\u00fatua. <\/p>\n<\/div>\n      \n        <\/div>\n      <\/div>\n\t  \n\t\t\t\t\t  \n      <div data-accordion class=\"accordion-main\">\n        <div data-control class=\"accordion-title\"><h4>Amor e V\u00ednculos<\/h4><\/div>\n        <div data-content>\n         \t\t\t\t  \n          \n        <div class=\"accordion-content\"><figure>\n<img src=\"http:\/\/psicologiaecorpo.com.br\/img\/livros\/amor-e-vinculos.jpg\" alt=\"Amor e V\u00ednculos\"><br \/>\n<\/figure>\n<p>_________________. Amor e V\u00ednculos, S\u00e3o Paulo, Summus, 1996.<\/p>\n<p>Sinopse: O autor oferece neste livro uma abordagem som\u00e1tica de dois aspectos fundamentais para a vida das pessoas: as rela\u00e7\u00f5es amorosas e o estabelecimento de v\u00ednculos. Enriquecendo suas considera\u00e7\u00f5es te\u00f3ricas com numerosos exemplos de casos extra\u00eddos de sua experi\u00eancia cl\u00ednica, Keleman analisa os diversos est\u00e1gios e tipos de relacionamentos, procurando entender os padr\u00f5es habituais e as distor\u00e7\u00f5es. Sugere formas de elaborar as situa\u00e7\u00f5es adversas por meio de exerc\u00edcios e da compreens\u00e3o som\u00e1tico-emocional dos problemas.<\/p>\n<\/div>\n      \n        <\/div>\n      <\/div>\n\t  \n\t\t\t\t\t  \n      <div data-accordion class=\"accordion-main\">\n        <div data-control class=\"accordion-title\"><h4>Realidade Som\u00e1tica<\/h4><\/div>\n        <div data-content>\n         \t\t\t\t  \n          \n        <div class=\"accordion-content\"><figure>\n<img src=\"http:\/\/psicologiaecorpo.com.br\/img\/livros\/realidades-somaticas.jpg\" alt=\"Realidade Som\u00e1tica\"><br \/>\n<\/figure>\n<p>_________________. Realidade Som\u00e1tica, S\u00e3o Paulo, Summus, 1994.<\/p>\n<p>Sinopse: Uma abordagem original sobre a vida do corpo. O autor prop\u00f5e uma \u00e9tica que realce a fam\u00edlia e a cultura e evoca a vis\u00e3o de uma vida corporal que satisfa\u00e7a nossos anseios mais profundos em n\u00edvel pessoal, emocional, afetivo e grupal.<\/p>\n<\/div>\n      \n        <\/div>\n      <\/div>\n\t  \n\t\t\t\t\t  \n      <div data-accordion class=\"accordion-main\">\n        <div data-control class=\"accordion-title\"><h4>Viver o seu Morrer<\/h4><\/div>\n        <div data-content>\n         \t\t\t\t  \n          \n        <div class=\"accordion-content\"><figure>\n<img src=\"http:\/\/psicologiaecorpo.com.br\/img\/livros\/viver-o-seu-morrer.jpg\" alt=\"Viver o seu Morrer\"><br \/>\n<\/figure>\n<p>________________. Viver o seu Morrer, S\u00e3o Paulo, Summus, 1997.<\/p>\n<p>Sinopse: Este livro \u00e9 sobre o morrer, n\u00e3o sobre a morte. Estamos sempre morrendo um pouco, sempre perdendo algu\u00e9m ou alguma coisa. S\u00e3o as nossas pequenas mortes, que nos ensinam o significado do morrer e nos oferecem condi\u00e7\u00f5es de enfrent\u00e1-lo sem medo ou morbidez. \u00c9 exatamente disso que trata este livro &#8211; estar pleno e inteiro para deparar-se com o morrer.<\/p>\n<\/div>\n      \n        <\/div>\n      <\/div>\n\t  \n\t\t\t\t\t  \n      <div data-accordion class=\"accordion-main\">\n        <div data-control class=\"accordion-title\"><h4>Anatomia Emocional<\/h4><\/div>\n        <div data-content>\n         \t\t\t\t  \n          \n        <div class=\"accordion-content\"><figure>\n<img src=\"http:\/\/psicologiaecorpo.com.br\/img\/livros\/anatomia-emocional.jpg\" alt=\"Anatomia Emocional\"><br \/>\n<\/figure>\n<p>KELEMAN, Stanley. Anatomia Emocional. S\u00e3o Paulo, Summus, 1992.<\/p>\n<p>Sinopse: Uma profunda reflex\u00e3o sobre as conex\u00f5es entre a anatomia e os sentimentos, a forma e as emo\u00e7\u00f5es. O autor \u00e9 pioneiro no estudo do corpo e sua rela\u00e7\u00e3o com os aspectos emocionais, psicol\u00f3gicos, sexuais e imaginativos de experi\u00eancia humana. Um dos principais representantes da linha neo-reichiana nos EUA.<\/p>\n<\/div>\n      \n        <\/div>\n      <\/div>\n\t  \n\t\t\t\t\t  \n      <div data-accordion class=\"accordion-main\">\n        <div data-control class=\"accordion-title\"><h4>A Simetria Oculta do Amor<\/h4><\/div>\n        <div data-content>\n         \t\t\t\t  \n          \n        <div class=\"accordion-content\"><figure>\n<img src=\"http:\/\/psicologiaecorpo.com.br\/img\/livros\/a-simetria-oculta-do-amor.jpg\" alt=\"A Simetria Oculta do Amor\"><br \/>\n<\/figure>\n<p>HELLINGER, Bert, WEBER, Gunthard e BEAUMONT, Hunter. A Simetria Oculta do Amor \u2013 por que o amor faz os relacionamentos darem certo. S\u00e3o Paulo, Cultrix, 1998.<\/p>\n<p>Sinopse: Considerado o mais inovador terapeuta contempor\u00e2neo e criador da Psicoterapia Sist\u00eamica, Bert Hellinger \u00e9 especializado no atendimento de pessoas, casais ou fam\u00edlias que enfrentam situa\u00e7\u00f5es dif\u00edceis. O instrumento b\u00e1sico de Hellinger para ajudar os membros da fam\u00edlia a restaurar o equil\u00edbrio \u00e9 o uso das &#8216;constela\u00e7\u00f5es familiares&#8217;, t\u00e9cnica psicoterap\u00eautica que j\u00e1 vem sendo realizada em diferentes culturas e cuja pr\u00e1tica, al\u00e9m da cura, traz uma nova luz para a integra\u00e7\u00e3o de ci\u00eancia e espiritualidade. <\/p>\n<\/div>\n      \n        <\/div>\n      <\/div>\n\t  \n\t\t\t\t\t  \n      <div data-accordion class=\"accordion-main\">\n        <div data-control class=\"accordion-title\"><h4>Constela\u00e7\u00f5es Familiares<\/h4><\/div>\n        <div data-content>\n         \t\t\t\t  \n          \n        <div class=\"accordion-content\"><figure>\n<img src=\"http:\/\/psicologiaecorpo.com.br\/img\/livros\/constelacoes-familiares.jpg\" alt=\"Constela\u00e7\u00f5es Familiares\"><br \/>\n<\/figure>\n<p>HELLINGER, Bert e H\u00d6VEL, Gabriele Ten. Constela\u00e7\u00f5es Familiares \u2013 o reconhecimento das ordens do amor, conversas sobre emaranhamentos e solu\u00e7\u00f5es. S\u00e3o Paulo, Cultrix, 1996.<\/p>\n<p>Sinopse: Em \u201cConstela\u00e7\u00f5es Familiares\u201d, Hellinger lan\u00e7a luz sobre a t\u00e9cnica de que se vale para tornar vis\u00edvel a din\u00e2mica normalmente oculta dos sistemas de relacionamento familiar. Hellinger tamb\u00e9m fala franca e livremente sobre suas observa\u00e7\u00f5es acerca das for\u00e7as que atuam nos sistemas familiares e das controv\u00e9rsias que cercam algumas delas. Nesta entrevista, Gabriele ten H\u00f6vel traz \u00e0s suas conversas com Bert Hellinger o ceticismo da jornalista. Perguntas duras v\u00e3o de encontro a respostas igualmente duras e, com o desenrolar desse di\u00e1logo, come\u00e7a a ser revelado o formid\u00e1vel poder da abordagem do autor aos problemas que afligem as fam\u00edlias. Nascida da mais humilde atitude terap\u00eautica, a da observa\u00e7\u00e3o respeitosa, essa abordagem entra em contato com os n\u00edveis mais profundos dos v\u00ednculos familiares e da sua dissolu\u00e7\u00e3o. <\/p>\n<\/div>\n      \n        <\/div>\n      <\/div>\n\t  \n\t\t\t\t\t  \n      <div data-accordion class=\"accordion-main\">\n        <div data-control class=\"accordion-title\"><h4>Nos Caminhos de Reich<\/h4><\/div>\n        <div data-content>\n         \t\t\t\t  \n          \n        <div class=\"accordion-content\"><figure>\n<img src=\"http:\/\/psicologiaecorpo.com.br\/img\/livros\/nos-caminhos-de-reich.jpg\" alt=\"Nos Caminhos de Reich\"><br \/>\n<\/figure>\n<p>_________________. Nos Caminhos de Reich. S\u00e3o Paulo, Summus, 1985.<\/p>\n<p>Sinopse: O interesse cada vez maior sobre a vida e o trabalho de Wilhelm Reich \u00e9 indiscut\u00edvel. Neste livro, David Boadella, com sua capacidade de explora\u00e7\u00e3o e pesquisa, percorre a vida de Reich de maneira profunda e esclarecedora, apresentando-nos verdadeiro tesouro de fatos e interpreta\u00e7\u00f5es. <\/p>\n<\/div>\n      \n        <\/div>\n      <\/div>\n\t  \n\t\t\t\t\t  \n      <div data-accordion class=\"accordion-main\">\n        <div data-control class=\"accordion-title\"><h4>Correntes da Vida<\/h4><\/div>\n        <div data-content>\n         \t\t\t\t  \n          \n        <div class=\"accordion-content\"><figure>\n<img src=\"http:\/\/psicologiaecorpo.com.br\/img\/livros\/correntes-da-vida.jpg\" alt=\"\"><br \/>\n<\/figure>\n<p>BOADELLA, David. Correntes da Vida \u2013 Uma introdu\u00e7\u00e3o \u00e0 Bioss\u00edntese. S\u00e3o Paulo, Summus, 1992.<\/p>\n<p>Sinopse: Bioss\u00edntese significa a integra\u00e7\u00e3o a vida, e seu conceito central tem por base a exist\u00eancia de correntes energ\u00e9ticas fundamentais no organismo humano, tamb\u00e9m denominadas &#8216;fluxos vitais&#8217;. A trajet\u00f3ria do desenvolvimento e express\u00f5es do ser humano, da vida intrauterina \u00e0 morte, a partir de fatores biol\u00f3gicos b\u00e1sicos, sobretudo os processos r\u00edtmicos do corpo.<\/p>\n<\/div>\n      \n        <\/div>\n      <\/div>\n\t  \n\t\t\t\t\t  \n      <div data-accordion class=\"accordion-main\">\n        <div data-control class=\"accordion-title\"><h4>Me Chamam de Ton<\/h4><\/div>\n        <div data-content>\n         \t\t\t\t  \n          \n        <div class=\"accordion-content\"><p>Francisco, Maria Cristina &#8211; Me Chamam de TON (an\u00e1lise de caso sobre a obesidade). IBB, SP, 2009.<\/p>\n<p>O tema apresentou-se como uma possibilidade de reflex\u00e3o sobre a vida contempor\u00e2nea diante dos exageros e do consumo banal das coisas. Com a vis\u00e3o te\u00f3rica da Bioss\u00edntese busca-se uma possibilidade de se integrar o corpo com a alma, o organismo com suas emo\u00e7\u00f5es e a import\u00e2ncia do psicoterapeuta neste processo.<\/p>\n<p><a href=\"http:\/\/psicologiaecorpo.com.br\/en\/biblioteca\/pdf\/Maria Cristina Francisco-Monografia Me Chamam de Ton -Biossintese 2009.pdf\/\" title=\"Baixar conte\u00fado\" target=\"_blank\">Baixar conte\u00fado (em PDF).<\/a><\/p>\n<\/div>\n      \n        <\/div>\n      <\/div>\n\t  \n\t\t\t\t\t  \n      <div data-accordion class=\"accordion-main\">\n        <div data-control class=\"accordion-title\"><h4>Desenraizamento e Grouding<\/h4><\/div>\n        <div data-content>\n         \t\t\t\t  \n          \n        <div class=\"accordion-content\"><p>Francisco, Maria Cristina &#8211; Desenraizamento e Grounding. IABSP, SP, 2007.<\/p>\n<p>Trabalho elaborado com pesquisa bibliogr\u00e1fica e casos de manchete da m\u00eddia impressa. A Bioenerg\u00e9tica abre caminhos para a auto-consci\u00eancia e leva a pessoa a ir de encontro com a sua identidade. Neste caso, a tentativa de levar a pessoa negra a sua identidade ligada a ra\u00edzes do povo africano, com seus tra\u00e7os fenot\u00edpicos, hist\u00f3ria de escravid\u00e3o e as consequ\u00eancias na sua psique.<\/p>\n<p><a href=\"http:\/\/psicologiaecorpo.com.br\/en\/biblioteca\/pdf\/Maria Cristina Francisco-Monografia-Desenraizamento e Grounding.pdf\/\">Baixar conte\u00fado (em PDF).<\/a><\/p>\n<\/div>\n      \n        <\/div>\n      <\/div>\n\t  \n\t\t\t\t\t  \n      <div data-accordion class=\"accordion-main\">\n        <div data-control class=\"accordion-title\"><h4>Viver O Seu Morrer<\/h4><\/div>\n        <div data-content>\n         \t\t\t\t  \n          \n        <div class=\"accordion-content\"><figure>\n<img src=\"http:\/\/psicologiaecorpo.com.br\/img\/livros\/viver-o-seu-morrer.jpg\" alt=\"VIVER O SEU MORRER\"><br \/>\n<\/figure>\n<p>________________. Viver o seu Morrer, S\u00e3o Paulo, Summus, 1997.<\/p>\n<p><strong>Sinopse:<\/strong> Este livro \u00e9 sobre o morrer, n\u00e3o sobre a morte. Estamos sempre morrendo um pouco, sempre perdendo algu\u00e9m ou alguma coisa. S\u00e3o as nossas pequenas mortes, que nos ensinam o significado do morrer e nos oferecem condi\u00e7\u00f5es de enfrent\u00e1-lo sem medo ou morbidez. \u00c9 exatamente disso que trata este livro &#8211; estar pleno e inteiro para deparar-se com o morrer.<\/p>\n<\/div>\n      \n        <\/div>\n      <\/div>\n\t  \n\t\t\t\t\t  \n      <div data-accordion class=\"accordion-main\">\n        <div data-control class=\"accordion-title\"><h4>Anatomia Emocional<\/h4><\/div>\n        <div data-content>\n         \t\t\t\t  \n          \n        <div class=\"accordion-content\"><figure>\n<img src=\"http:\/\/psicologiaecorpo.com.br\/img\/livros\/anatomia-emocional.jpg\" alt=\"ANATOMIA EMOCIONAL\"><br \/>\n<\/figure>\n<p>KELEMAN, Stanley. Anatomia Emocional. S\u00e3o Paulo, Summus, 1992.<\/p>\n<p><strong>Sinopse:<\/strong> Uma profunda reflex\u00e3o sobre as conex\u00f5es entre a anatomia e os sentimentos, a forma e as emo\u00e7\u00f5es. O autor \u00e9 pioneiro no estudo do corpo e sua rela\u00e7\u00e3o com os aspectos emocionais, psicol\u00f3gicos, sexuais e imaginativos de experi\u00eancia humana. Um dos principais representantes da linha neo-reichiana nos EUA.<\/p>\n<\/div>\n      \n        <\/div>\n      <\/div>\n\t  \n\t\t\t\t\t  \n      <div data-accordion class=\"accordion-main\">\n        <div data-control class=\"accordion-title\"><h4>A Simetria Oculta do Amor<\/h4><\/div>\n        <div data-content>\n         \t\t\t\t  \n          \n        <div class=\"accordion-content\"><figure>\n<img src=\"http:\/\/psicologiaecorpo.com.br\/img\/livros\/a-simetria-oculta-do-amor.jpg\" alt=\"A SIMETRIA OCULTA DO AMOR\"><\/figure>\n<p>HELLINGER, Bert, WEBER, Gunthard e BEAUMONT, Hunter. A Simetria Oculta do Amor \u2013 por que o amor faz os relacionamentos darem certo. S\u00e3o Paulo, Cultrix, 1998.<\/p>\n<p><strong>Sinopse:<\/strong> Considerado o mais inovador terapeuta contempor\u00e2neo e criador da Psicoterapia Sist\u00eamica, Bert Hellinger \u00e9 especializado no atendimento de pessoas, casais ou fam\u00edlias que enfrentam situa\u00e7\u00f5es dif\u00edceis. O instrumento b\u00e1sico de Hellinger para ajudar os membros da fam\u00edlia a restaurar o equil\u00edbrio \u00e9 o uso das &#8216;constela\u00e7\u00f5es familiares&#8217;, t\u00e9cnica psicoterap\u00eautica que j\u00e1 vem sendo realizada em diferentes culturas e cuja pr\u00e1tica, al\u00e9m da cura, traz uma nova luz para a integra\u00e7\u00e3o de ci\u00eancia e espiritualidade. <\/p>\n<\/div>\n      \n        <\/div>\n      <\/div>\n\t  \n\t\t\t\t\t  \n      <div data-accordion class=\"accordion-main\">\n        <div data-control class=\"accordion-title\"><h4>Constela\u00e7\u00f5es Familiares<\/h4><\/div>\n        <div data-content>\n         \t\t\t\t  \n          \n        <div class=\"accordion-content\"><figure>\n<img src=\"http:\/\/psicologiaecorpo.com.br\/img\/livros\/constelacoes-familiares.jpg\" alt=\"CONSTELA\u00c7\u00d5ES FAMILIARES\"><br \/>\n<\/figure>\n<p>HELLINGER, Bert e H\u00d6VEL, Gabriele Ten. Constela\u00e7\u00f5es Familiares \u2013 o reconhecimento das ordens do amor, conversas sobre emaranhamentos e solu\u00e7\u00f5es. S\u00e3o Paulo, Cultrix, 1996.<\/p>\n<p><strong>Sinopse:<\/strong> Em \u201cConstela\u00e7\u00f5es Familiares\u201d, Hellinger lan\u00e7a luz sobre a t\u00e9cnica de que se vale para tornar vis\u00edvel a din\u00e2mica normalmente oculta dos sistemas de relacionamento familiar. Hellinger tamb\u00e9m fala franca e livremente sobre suas observa\u00e7\u00f5es acerca das for\u00e7as que atuam nos sistemas familiares e das controv\u00e9rsias que cercam algumas delas. Nesta entrevista, Gabriele ten H\u00f6vel traz \u00e0s suas conversas com Bert Hellinger o ceticismo da jornalista. Perguntas duras v\u00e3o de encontro a respostas igualmente duras e, com o desenrolar desse di\u00e1logo, come\u00e7a a ser revelado o formid\u00e1vel poder da abordagem do autor aos problemas que afligem as fam\u00edlias. Nascida da mais humilde atitude terap\u00eautica, a da observa\u00e7\u00e3o respeitosa, essa abordagem entra em contato com os n\u00edveis mais profundos dos v\u00ednculos familiares e da sua dissolu\u00e7\u00e3o. <\/p>\n<\/div>\n      \n        <\/div>\n      <\/div>\n\t  \n\t\t\t\t\t  \n      <div data-accordion class=\"accordion-main\">\n        <div data-control class=\"accordion-title\"><h4>Nos Caminhos de Reich<\/h4><\/div>\n        <div data-content>\n         \t\t\t\t  \n          \n        <div class=\"accordion-content\"><figure>\n<img src=\"http:\/\/psicologiaecorpo.com.br\/img\/livros\/nos-caminhos-de-reich.jpg\" alt=\"NOS CAMINHOS DE REICH\"><br \/>\n<\/figure>\n<p>_________________. Nos Caminhos de Reich. S\u00e3o Paulo, Summus, 1985.<\/p>\n<p><strong>Sinopse:<\/strong> O interesse cada vez maior sobre a vida e o trabalho de Wilhelm Reich \u00e9 indiscut\u00edvel. Neste livro, David Boadella, com sua capacidade de explora\u00e7\u00e3o e pesquisa, percorre a vida de Reich de maneira profunda e esclarecedora, apresentando-nos verdadeiro tesouro de fatos e interpreta\u00e7\u00f5es. <\/p>\n<\/div>\n      \n        <\/div>\n      <\/div>\n\t  \n\t\t\t\t\t  \n      <div data-accordion class=\"accordion-main\">\n        <div data-control class=\"accordion-title\"><h4>Correntes da Vida<\/h4><\/div>\n        <div data-content>\n         \t\t\t\t  \n          \n        <div class=\"accordion-content\"><figure>\n<img src=\"http:\/\/psicologiaecorpo.com.br\/img\/livros\/correntes-da-vida.jpg\" alt=\"CORRENTES DA VIDA\"><br \/>\n<\/figure>\n<p>BOADELLA, David. Correntes da Vida \u2013 Uma introdu\u00e7\u00e3o \u00e0 Bioss\u00edntese. S\u00e3o Paulo, Summus, 1992.<\/p>\n<p><strong>Sinopse:<\/strong> Bioss\u00edntese significa a integra\u00e7\u00e3o a vida, e seu conceito central tem por base a exist\u00eancia de correntes energ\u00e9ticas fundamentais no organismo humano, tamb\u00e9m denominadas &#8216;fluxos vitais&#8217;. A trajet\u00f3ria do desenvolvimento e express\u00f5es do ser humano, da vida intrauterina \u00e0 morte, a partir de fatores biol\u00f3gicos b\u00e1sicos, sobretudo os processos r\u00edtmicos do corpo.<\/p>\n<\/div>\n      \n        <\/div>\n      <\/div>\n\t  \n\t\t\t\t\t  \n      <div data-accordion class=\"accordion-main\">\n        <div data-control class=\"accordion-title\"><h4>Me Chamam de Ton<\/h4><\/div>\n        <div data-content>\n         \t\t\t\t  \n          \n        <div class=\"accordion-content\"><p>Francisco, Maria Cristina &#8211; Me Chamam de TON (an\u00e1lise de caso sobre a obesidade). IBB, SP, 2009.<\/p>\n<p>O tema apresentou-se como uma possibilidade de reflex\u00e3o sobre a vida contempor\u00e2nea diante dos exageros e do consumo banal das coisas. Com a vis\u00e3o te\u00f3rica da Bioss\u00edntese busca-se uma possibilidade de se integrar o corpo com a alma, o organismo com suas emo\u00e7\u00f5es e a import\u00e2ncia do psicoterapeuta neste processo.<\/p>\n<p><a href=\"http:\/\/psicologiaecorpo.com.br\/en\/biblioteca\/pdf\/Maria Cristina Francisco-Monografia Me Chamam de Ton -Biossintese 2009.pdf\/\" title=\"Baixar conte\u00fado\" target=\"_blank\">Baixar conte\u00fado (em PDF).<\/a><\/p>\n<\/div>\n      \n        <\/div>\n      <\/div>\n\t  \n\t\t\t\t\t  \n      <div data-accordion class=\"accordion-main\">\n        <div data-control class=\"accordion-title\"><h4>Desenraizamento e Grounding<\/h4><\/div>\n        <div data-content>\n         \t\t\t\t  \n          \n        <div class=\"accordion-content\"><p>Francisco, Maria Cristina &#8211; Desenraizamento e Grounding. IABSP, SP, 2007.<\/p>\n<p>Trabalho elaborado com pesquisa bibliogr\u00e1fica e casos de manchete da m\u00eddia impressa. A Bioenerg\u00e9tica abre caminhos para a auto-consci\u00eancia e leva a pessoa a ir de encontro com a sua identidade. Neste caso, a tentativa de levar a pessoa negra a sua identidade ligada a ra\u00edzes do povo africano, com seus tra\u00e7os fenot\u00edpicos, hist\u00f3ria de escravid\u00e3o e as consequ\u00eancias na sua psique.<\/p>\n<p><a href=\"http:\/\/psicologiaecorpo.com.br\/en\/biblioteca\/pdf\/Maria Cristina Francisco-Monografia-Desenraizamento e Grounding.pdf\/\">Baixar conte\u00fado (em PDF).<\/a><\/p>\n<\/div>\n      \n        <\/div>\n      <\/div>\n\t  \n\t\t\t\t<\/div>\n\t    <script type=\"text\/javascript\">\n      jQuery(document).ready(function() {\n        jQuery('.wpawc-accordion-1 [data-accordion]').accordionfaq({\n\t\t singleOpen: true,\n\t\t transitionEasing: 'ease',\n          transitionSpeed: 300\t\t});\n\n        \n      });\n    <\/script>","protected":false},"excerpt":{"rendered":"<p>Corpo, Comportamento e Movimento &nbsp;<\/p>","protected":false},"author":1,"featured_media":0,"parent":0,"menu_order":0,"comment_status":"closed","ping_status":"closed","template":"","meta":[],"_links":{"self":[{"href":"https:\/\/psicologiaecorpo.com.br\/en\/wp-json\/wp\/v2\/pages\/659"}],"collection":[{"href":"https:\/\/psicologiaecorpo.com.br\/en\/wp-json\/wp\/v2\/pages"}],"about":[{"href":"https:\/\/psicologiaecorpo.com.br\/en\/wp-json\/wp\/v2\/types\/page"}],"author":[{"embeddable":true,"href":"https:\/\/psicologiaecorpo.com.br\/en\/wp-json\/wp\/v2\/users\/1"}],"replies":[{"embeddable":true,"href":"https:\/\/psicologiaecorpo.com.br\/en\/wp-json\/wp\/v2\/comments?post=659"}],"version-history":[{"count":0,"href":"https:\/\/psicologiaecorpo.com.br\/en\/wp-json\/wp\/v2\/pages\/659\/revisions"}],"wp:attachment":[{"href":"https:\/\/psicologiaecorpo.com.br\/en\/wp-json\/wp\/v2\/media?parent=659"}],"curies":[{"name":"wp","href":"https:\/\/api.w.org\/{rel}","templated":true}]}}